{"id":24,"name":"dla-niepelnosprawnych","title":"Dla niepe\u0142nosprawnych","desc":"","header":"Dla niepe\u0142nosprawnych","lead":"","keywords":"","changes":"aktualizacja","menu":"Dla niepe\u0142nosprawnych","path":"\/dla-niepelnosprawnych.html","url":"\/dla-niepelnosprawnych.html","infoOwner":"Jednostka 3","dateFirstPublicate":"2021-08-16 07:16:56","dateLastVersionPublicate":"2024-06-14 10:11:11","dateAvailableFrom":"2021-08-16 07:16:39","dateAvailableTo":"","type":"jednostki_Zwyk\u0142a","pageParams":[],"components":[{"id":"93bb94fe-7312-11e9-90c1-000c290e6fc2","type":"SectionDescription","name":"","description":"Zajawka sekcji","content":[]},{"id":"93bbe8e3-7312-11e9-90c1-000c290e6fc2","type":"PageTitle","name":"Tytu\u0142 strony","description":"Tytu\u0142 strony","content":{"title":"Dla niepe\u0142nosprawnych"}},{"id":"93bc435c-7312-11e9-90c1-000c290e6fc2","type":"PageDescription","name":"","description":"Zajawka strony","content":[]},{"id":"93bcef8e-7312-11e9-90c1-000c290e6fc2","type":"ContentWYSIWYG","name":"Tre\u015b\u0107","description":"Tre\u015b\u0107 strony","content":{"content":"\u003Cp style=\u0022box-sizing: border-box; margin: 0px 0px 10px; color: #555555; font-family: Arial, sans-serif; font-size: 14px; font-style: normal; font-variant-ligatures: normal; font-variant-caps: normal; font-weight: 400; letter-spacing: normal; orphans: 2; text-align: start; text-indent: 0px; text-transform: none; widows: 2; word-spacing: 0px; -webkit-text-stroke-width: 0px; white-space: normal; background-color: #ffffff; text-decoration-thickness: initial; text-decoration-style: initial; text-decoration-color: initial;\u0022\u003E\u003Cstrong style=\u0022box-sizing: border-box; font-weight: bold;\u0022\u003EOpis dost\u0119pno\u015bci wej\u015bcia\u00a0 do budynku\u003C\/strong\u003E\u003Cbr style=\u0022box-sizing: border-box;\u0022 \/\u003EWej\u015bcie g\u0142\u00f3wne do Szpitala dostosowane jest dla os\u00f3b niepe\u0142nosprawnych ruchowo. Pojazdy uprzywilejowane parkuj\u0105 w wyznaczonych miejscach przed wej\u015bciem. Osoby niepe\u0142nosprawne maj\u0105 mo\u017cliwo\u015b\u0107 parkowania na parkingu przy przystanku autobusowym, od kt\u00f3rego prowadzi\u00a0 chodnik\u00a0 do wej\u015bcia g\u0142\u00f3wnego oraz przy wej\u015bciu g\u0142\u00f3wnym.\u003C\/p\u003E\n\u003Cp style=\u0022box-sizing: border-box; margin: 0px 0px 10px; color: #555555; font-family: Arial, sans-serif; font-size: 14px; font-style: normal; font-variant-ligatures: normal; font-variant-caps: normal; font-weight: 400; letter-spacing: normal; orphans: 2; text-align: start; text-indent: 0px; text-transform: none; widows: 2; word-spacing: 0px; -webkit-text-stroke-width: 0px; white-space: normal; background-color: #ffffff; text-decoration-thickness: initial; text-decoration-style: initial; text-decoration-color: initial;\u0022\u003EWej\u015bcie do Izby Przyj\u0119\u0107\u00a0 przeznaczone jest dla pacjent\u00f3w skierowanych na leczenie stacjonarne.\u003C\/p\u003E\n\u003Cp style=\u0022box-sizing: border-box; margin: 0px 0px 10px; color: #555555; font-family: Arial, sans-serif; font-size: 14px; font-style: normal; font-variant-ligatures: normal; font-variant-caps: normal; font-weight: 400; letter-spacing: normal; orphans: 2; text-align: start; text-indent: 0px; text-transform: none; widows: 2; word-spacing: 0px; -webkit-text-stroke-width: 0px; white-space: normal; background-color: #ffffff; text-decoration-thickness: initial; text-decoration-style: initial; text-decoration-color: initial;\u0022\u003EWej\u015bcie do Poradni Rehabilitacyjnej przewidziane jest dla pacjent\u00f3w ambulatoryjnych. Wszystkie zewn\u0119trze wej\u015bcia do budynku nie maja barier architektonicznych.\u003C\/p\u003E\n\u003Cp style=\u0022box-sizing: border-box; margin: 0px 0px 10px; color: #555555; font-family: Arial, sans-serif; font-size: 14px; font-style: normal; font-variant-ligatures: normal; font-variant-caps: normal; font-weight: 400; letter-spacing: normal; orphans: 2; text-align: start; text-indent: 0px; text-transform: none; widows: 2; word-spacing: 0px; -webkit-text-stroke-width: 0px; white-space: normal; background-color: #ffffff; text-decoration-thickness: initial; text-decoration-style: initial; text-decoration-color: initial;\u0022\u003E\u003C\/p\u003E\n\u003Cp style=\u0022box-sizing: border-box; margin: 0px 0px 10px; color: #555555; font-family: Arial, sans-serif; font-size: 14px; font-style: normal; font-variant-ligatures: normal; font-variant-caps: normal; font-weight: 400; letter-spacing: normal; orphans: 2; text-align: start; text-indent: 0px; text-transform: none; widows: 2; word-spacing: 0px; -webkit-text-stroke-width: 0px; white-space: normal; background-color: #ffffff; text-decoration-thickness: initial; text-decoration-style: initial; text-decoration-color: initial;\u0022\u003E\u003Cstrong style=\u0022box-sizing: border-box; font-weight: bold;\u0022\u003EOpis dost\u0119pno\u015bci korytarzy, schod\u00f3w i wind\u003Cbr style=\u0022box-sizing: border-box;\u0022 \/\u003E\u003C\/strong\u003ECentrum to kompleks po\u0142\u0105czonych z sob\u0105 pawilon\u00f3w o \u0142\u0105cznej\u00a0 powierzchni zabudowy 13 475 metr\u00f3w kwadratowych. Dost\u0119pno\u015b\u0107 do poszczeg\u00f3lnych oddzia\u0142\u00f3w szpitalnych, pomieszcze\u0144 zabiegowych odbywa si\u0119 korytarzami wyposa\u017conymi w por\u0119cze, schodami oraz windami dostosowanymi do potrzeb os\u00f3b niepe\u0142nosprawnych. Ci\u0105gi komunikacyjne wyposa\u017cone s\u0105 w instalacje bezpiecze\u0144stwa po\u017carowego, a tak\u017ce o\u015bwietlenie ewakuacyjne na wypadek zaniku napi\u0119cia.\u003C\/p\u003E\n\u003Cp style=\u0022box-sizing: border-box; margin: 0px 0px 10px; color: #555555; font-family: Arial, sans-serif; font-size: 14px; font-style: normal; font-variant-ligatures: normal; font-variant-caps: normal; font-weight: 400; letter-spacing: normal; orphans: 2; text-align: start; text-indent: 0px; text-transform: none; widows: 2; word-spacing: 0px; -webkit-text-stroke-width: 0px; white-space: normal; background-color: #ffffff; text-decoration-thickness: initial; text-decoration-style: initial; text-decoration-color: initial;\u0022\u003E\u003C\/p\u003E\n\u003Cp style=\u0022box-sizing: border-box; margin: 0px 0px 10px; color: #555555; font-family: Arial, sans-serif; font-size: 14px; font-style: normal; font-variant-ligatures: normal; font-variant-caps: normal; font-weight: 400; letter-spacing: normal; orphans: 2; text-align: start; text-indent: 0px; text-transform: none; widows: 2; word-spacing: 0px; -webkit-text-stroke-width: 0px; white-space: normal; background-color: #ffffff; text-decoration-thickness: initial; text-decoration-style: initial; text-decoration-color: initial;\u0022\u003E\u003Cstrong style=\u0022box-sizing: border-box; font-weight: bold;\u0022\u003EInformacja o miejscu i sposobie korzystania z miejsc parkingowych, w tym wyznaczonych dla os\u00f3b niepe\u0142nosprawnych\u00a0\u003Cbr style=\u0022box-sizing: border-box;\u0022 \/\u003E\u003C\/strong\u003E,,REPTY\u201d GCR posiada stanowiska parkingowe dla os\u00f3b niepe\u0142nosprawnych, p\u0142atny parking dla samochod\u00f3w osobowych zlokalizowany w bliskiej odleg\u0142o\u015bci od obiektu oraz p\u0142atny parking zamkni\u0119ty umiejscowiony przy wje\u017adzie do parku krajobrazowego. Ponadto wzd\u0142u\u017c drogi dojazdowej, za szlabanem wjazdowym na teren Szpitala dostosowano lew\u0105 stron\u0119 jezdni dla potrzeb parkowania samochod\u00f3w.\u003C\/p\u003E\n\u003Cp style=\u0022box-sizing: border-box; margin: 0px 0px 10px; color: #555555; font-family: Arial, sans-serif; font-size: 14px; font-style: normal; font-variant-ligatures: normal; font-variant-caps: normal; font-weight: 400; letter-spacing: normal; orphans: 2; text-align: start; text-indent: 0px; text-transform: none; widows: 2; word-spacing: 0px; -webkit-text-stroke-width: 0px; white-space: normal; background-color: #ffffff; text-decoration-thickness: initial; text-decoration-style: initial; text-decoration-color: initial;\u0022\u003E\u003C\/p\u003E\n\u003Cp style=\u0022box-sizing: border-box; margin: 0px 0px 10px; color: #555555; font-family: Arial, sans-serif; font-size: 14px; font-style: normal; font-variant-ligatures: normal; font-variant-caps: normal; font-weight: 400; letter-spacing: normal; orphans: 2; text-align: start; text-indent: 0px; text-transform: none; widows: 2; word-spacing: 0px; -webkit-text-stroke-width: 0px; white-space: normal; background-color: #ffffff; text-decoration-thickness: initial; text-decoration-style: initial; text-decoration-color: initial;\u0022\u003E\u003Cstrong style=\u0022box-sizing: border-box; font-weight: bold;\u0022\u003EInformacja o prawie wst\u0119pu z psem asystuj\u0105cym i ewentualnych uzasadnionych ograniczeniach\u003Cbr style=\u0022box-sizing: border-box;\u0022 \/\u003E\u003C\/strong\u003ENa terenie szpitala nie ma wyklucze\u0144 mo\u017cliwo\u015bci wst\u0119pu z psem asystuj\u0105cym.\u003C\/p\u003E\n\u003Cp style=\u0022box-sizing: border-box; margin: 0px 0px 10px; color: #555555; font-family: Arial, sans-serif; font-size: 14px; font-style: normal; font-variant-ligatures: normal; font-variant-caps: normal; font-weight: 400; letter-spacing: normal; orphans: 2; text-align: start; text-indent: 0px; text-transform: none; widows: 2; word-spacing: 0px; -webkit-text-stroke-width: 0px; white-space: normal; background-color: #ffffff; text-decoration-thickness: initial; text-decoration-style: initial; text-decoration-color: initial;\u0022\u003E\u003C\/p\u003E\n\u003Cp style=\u0022box-sizing: border-box; margin: 0px 0px 10px; color: #555555; font-family: Arial, sans-serif; font-size: 14px; font-style: normal; font-variant-ligatures: normal; font-variant-caps: normal; font-weight: 400; letter-spacing: normal; orphans: 2; text-align: start; text-indent: 0px; text-transform: none; widows: 2; word-spacing: 0px; -webkit-text-stroke-width: 0px; white-space: normal; background-color: #ffffff; text-decoration-thickness: initial; text-decoration-style: initial; text-decoration-color: initial;\u0022\u003E\u003Cstrong\u003EOpis dostosowa\u0144, na przyk\u0142ad pochylni, platform, informacji g\u0142osowych, p\u0119tli komunikacyjnych\u003C\/strong\u003E\u003C\/p\u003E\n\u003Cp style=\u0022box-sizing: border-box; margin: 0px 0px 10px; color: #555555; font-family: Arial, sans-serif; font-size: 14px; font-style: normal; font-variant-ligatures: normal; font-variant-caps: normal; font-weight: 400; letter-spacing: normal; orphans: 2; text-align: start; text-indent: 0px; text-transform: none; widows: 2; word-spacing: 0px; -webkit-text-stroke-width: 0px; white-space: normal; background-color: #ffffff; text-decoration-thickness: initial; text-decoration-style: initial; text-decoration-color: initial;\u0022\u003EW miejscach zr\u00f3\u017cnicowanej wysoko\u015bci terenu zastosowano pochylnie. Szpital dysponuje platform\u0105 pionowego podnoszenia przystosowan\u0105 dla os\u00f3b na w\u00f3zkach inwalidzkich, komunikacj\u0105 g\u0142osow\u0105 oraz darmowym Internetem.\u003C\/p\u003E\n\u003Cp style=\u0022box-sizing: border-box; margin: 0px 0px 10px; color: #555555; font-family: Arial, sans-serif; font-size: 14px; font-style: normal; font-variant-ligatures: normal; font-variant-caps: normal; font-weight: 400; letter-spacing: normal; orphans: 2; text-align: start; text-indent: 0px; text-transform: none; widows: 2; word-spacing: 0px; -webkit-text-stroke-width: 0px; white-space: normal; background-color: #ffffff; text-decoration-thickness: initial; text-decoration-style: initial; text-decoration-color: initial;\u0022\u003E\u00a0\u003C\/p\u003E\n\u003Cp style=\u0022box-sizing: border-box; margin: 0px 0px 10px; color: #555555; font-family: Arial, sans-serif; font-size: 14px; font-style: normal; font-variant-ligatures: normal; font-variant-caps: normal; font-weight: 400; letter-spacing: normal; orphans: 2; text-align: start; text-indent: 0px; text-transform: none; widows: 2; word-spacing: 0px; -webkit-text-stroke-width: 0px; white-space: normal; background-color: #ffffff; text-decoration-thickness: initial; text-decoration-style: initial; text-decoration-color: initial;\u0022\u003E\u003Cstrong style=\u0022box-sizing: border-box; font-weight: bold;\u0022\u003EInformacje o mo\u017cliwo\u015bci skorzystania z t\u0142umacza j\u0119zyka migowego na miejscu lub online\u003Cbr style=\u0022box-sizing: border-box;\u0022 \/\u003E\u003C\/strong\u003EOsoby nies\u0142ysz\u0105ce i maj\u0105ce trudno\u015bci w komunikowaniu si\u0119, chc\u0105c za\u0142atwi\u0107 spraw\u0119 w naszej jednostce z pomoc\u0105 t\u0142umacza\u00a0 j\u0119zyka migowego, mog\u0105 zg\u0142osi\u0107 ch\u0119\u0107 skorzystania ze \u015bwiadczenia ze wskazaniem wybranej metody komunikowania si\u0119 z minimum trzydniowym wyprzedzeniem.\u003C\/p\u003E","promotion":false}},{"id":"93bd42ce-7312-11e9-90c1-000c290e6fc2","type":"Gallery","name":"Galeria","description":"Galeria"},{"id":"93bd956b-7312-11e9-90c1-000c290e6fc2","type":"Attachment","name":"Za\u0142\u0105czniki","description":"Za\u0142\u0105czniki do strony"},{"id":"d63e71ef-92cf-11f0-b976-00505697ccff","type":"PageThumbnail","name":"","description":"Miniaturka strony","content":[]}]}